{"id":333,"date":"2019-02-04T18:51:17","date_gmt":"2019-02-04T18:51:17","guid":{"rendered":"https:\/\/www.expert-themes.com\/wp\/emarat\/?page_id=333"},"modified":"2020-12-07T13:11:31","modified_gmt":"2020-12-07T13:11:31","slug":"projets","status":"publish","type":"page","link":"https:\/\/kendal.bj\/en\/projets\/","title":{"rendered":"Projects"},"content":{"rendered":"<p><section class=\"kc-elm kc-css-939469 kc_row\"><div class=\"kc-row-container  kc-container\"><div class=\"kc-wrap-columns\"><div class=\"kc-elm kc-css-487656 kc_col-sm-12 kc_column kc_col-sm-12\"><div class=\"kc-col-container\">\r\n<!--Fullwidth Gallery Section-->\r\n<section class=\"fullwidth-gallery-section\">\r\n    <div class=\"outer-container\">\r\n        <div class=\"big-letter\">Our achievements<\/div>\r\n        <div class=\"auto-container\">\r\n            <div class=\"fullwidth-project-carousel owl-carousel owl-theme\">\r\n                                <div class=\"project-block-two\">\r\n                    <div class=\"inner-box row clearfix\">\r\n\r\n                        <!--Content Column-->\r\n                        <div class=\"content-column col-lg-4 col-md-12 col-sm-12\">\r\n                            <div class=\"inner-column\">\r\n                                <div class=\"slide-number\">01 <span>\/ 01<\/span><\/div>\r\n                                <h2><a href=\"https:\/\/kendal.bj\/en\/projects\/projet-damenagement-dune-agence-de-coris-bank-international-a-calavi-arconville-et-parakou\/\">DEVELOPMENT PROJECT OF A CORIS BANK INTERNATIONAL AGENCY IN CALAVI ARCONVILLE AND PARAKOU<\/a><\/h2>\r\n                                <p>Carrying out the work in compliance with the Administrative, Technical and Particular Clauses.<\/p>\r\n                                <a class=\"see-project\" href=\"https:\/\/kendal.bj\/en\/projects\/projet-damenagement-dune-agence-de-coris-bank-international-a-calavi-arconville-et-parakou\/\">See Project <span class=\"arrow flaticon-right-arrow-4\"><\/span><\/a>\r\n                            <\/div>\r\n                        <\/div>\r\n\r\n                        <!--Image Column-->\r\n                        <div class=\"image-column col-lg-8 col-md-12 col-sm-12\">\r\n                            <div class=\"inner-column\">\r\n                                <div class=\"image\">\r\n                                    <img width=\"770\" height=\"450\" src=\"https:\/\/kendal.bj\/wp-content\/uploads\/2020\/11\/Capture-de\u0301cran-2020-11-05-a\u0300-12.31.46-770x450.png\" class=\"attachment-emarat_770x450 size-emarat_770x450 wp-post-image\" alt=\"\" loading=\"lazy\" \/>                                <\/div>\r\n                            <\/div>\r\n                        <\/div>\r\n\r\n                    <\/div>\r\n                <\/div>\r\n                                <div class=\"project-block-two\">\r\n                    <div class=\"inner-box row clearfix\">\r\n\r\n                        <!--Content Column-->\r\n                        <div class=\"content-column col-lg-4 col-md-12 col-sm-12\">\r\n                            <div class=\"inner-column\">\r\n                                <div class=\"slide-number\">02 <span>\/ 02<\/span><\/div>\r\n                                <h2><a href=\"https:\/\/kendal.bj\/en\/projects\/travaux-de-construction-de-cloture-du-domaine-pour-la-soneb\/\">CONSTRUCTION WORKS OF FENCE OF THE DOMAIN FOR SONEB<\/a><\/h2>\r\n                                <p>Carrying out the work in compliance with the Administrative, Technical and Particular Clauses.<\/p>\r\n                                <a class=\"see-project\" href=\"https:\/\/kendal.bj\/en\/projects\/travaux-de-construction-de-cloture-du-domaine-pour-la-soneb\/\">See Project <span class=\"arrow flaticon-right-arrow-4\"><\/span><\/a>\r\n                            <\/div>\r\n                        <\/div>\r\n\r\n                        <!--Image Column-->\r\n                        <div class=\"image-column col-lg-8 col-md-12 col-sm-12\">\r\n                            <div class=\"inner-column\">\r\n                                <div class=\"image\">\r\n                                    <img width=\"434\" height=\"450\" src=\"https:\/\/kendal.bj\/wp-content\/uploads\/2020\/10\/Kendal-fav-434x450.png\" class=\"attachment-emarat_770x450 size-emarat_770x450 wp-post-image\" alt=\"\" loading=\"lazy\" \/>                                <\/div>\r\n                            <\/div>\r\n                        <\/div>\r\n\r\n                    <\/div>\r\n                <\/div>\r\n                                <div class=\"project-block-two\">\r\n                    <div class=\"inner-box row clearfix\">\r\n\r\n                        <!--Content Column-->\r\n                        <div class=\"content-column col-lg-4 col-md-12 col-sm-12\">\r\n                            <div class=\"inner-column\">\r\n                                <div class=\"slide-number\">03 <span>\/ 03<\/span><\/div>\r\n                                <h2><a href=\"https:\/\/kendal.bj\/en\/projects\/travaux-de-construction-de-cloture-du-domaine-de-la-cnss-a-zopah-cote-est\/\">CONSTRUCTION WORK OF FENCE OF THE DOMAINE DE LA CNSS in ZOPAH on the EAST side<\/a><\/h2>\r\n                                <p>TRAVAUX DE CONSTRUCTION DE CLOTURE DU DOMAINE DE LA CNSS \u00e0 ZOPAH c\u00f4t\u00e9 EST March\u00e9 N\u00b0001\/17\/CNSS\/PRMP\/CPMP\/S-PRMP du 12\/10\/217 et Avenant N\u00b01 R\u00e9alisation des travaux dans le respect des Clauses Administratives,&hellip;<\/p>\r\n                                <a class=\"see-project\" href=\"https:\/\/kendal.bj\/en\/projects\/travaux-de-construction-de-cloture-du-domaine-de-la-cnss-a-zopah-cote-est\/\">See Project <span class=\"arrow flaticon-right-arrow-4\"><\/span><\/a>\r\n                            <\/div>\r\n                        <\/div>\r\n\r\n                        <!--Image Column-->\r\n                        <div class=\"image-column col-lg-8 col-md-12 col-sm-12\">\r\n                            <div class=\"inner-column\">\r\n                                <div class=\"image\">\r\n                                    <img width=\"434\" height=\"450\" src=\"https:\/\/kendal.bj\/wp-content\/uploads\/2020\/10\/Kendal-fav-434x450.png\" class=\"attachment-emarat_770x450 size-emarat_770x450 wp-post-image\" alt=\"\" loading=\"lazy\" \/>                                <\/div>\r\n                            <\/div>\r\n                        <\/div>\r\n\r\n                    <\/div>\r\n                <\/div>\r\n                                <div class=\"project-block-two\">\r\n                    <div class=\"inner-box row clearfix\">\r\n\r\n                        <!--Content Column-->\r\n                        <div class=\"content-column col-lg-4 col-md-12 col-sm-12\">\r\n                            <div class=\"inner-column\">\r\n                                <div class=\"slide-number\">04 <span>\/ 04<\/span><\/div>\r\n                                <h2><a href=\"https:\/\/kendal.bj\/en\/projects\/travaux-de-damenagement-des-voies-dacces-au-siteaxe-carrefour-tankpe-carrefour-houeto-usine-et-axe-carrefour-bakita-carrefour-houeto-usine\/\">SITE ACCESS ROAD DEVELOPMENT WORK: CARREFOUR TANKPE-CARREFOUR HOUETO-FACTORY AXIS AND CARREFOUR BAKITA-CARREFOUR HOUETO-FACTORY AXIS<\/a><\/h2>\r\n                                <p>TRAVAUX DE D\u2019AM\u00c9NAGEMENT DES VOIES D'ACCES AU SITE:AXE CARREFOUR TANKPE-CARREFOUR HOUETO-USINE ET AXE CARREFOUR BAKITA-CARREFOUR HOUETO-USINE AU PROFIT DE LA SBEE\/MARCHE N\u00b0303\/MEF\/DNCMP\/SBEE\/PRMP\/SP du 17 octobre 2016 R\u00e9alisation des travaux dans&hellip;<\/p>\r\n                                <a class=\"see-project\" href=\"https:\/\/kendal.bj\/en\/projects\/travaux-de-damenagement-des-voies-dacces-au-siteaxe-carrefour-tankpe-carrefour-houeto-usine-et-axe-carrefour-bakita-carrefour-houeto-usine\/\">See Project <span class=\"arrow flaticon-right-arrow-4\"><\/span><\/a>\r\n                            <\/div>\r\n                        <\/div>\r\n\r\n                        <!--Image Column-->\r\n                        <div class=\"image-column col-lg-8 col-md-12 col-sm-12\">\r\n                            <div class=\"inner-column\">\r\n                                <div class=\"image\">\r\n                                    <img width=\"434\" height=\"450\" src=\"https:\/\/kendal.bj\/wp-content\/uploads\/2020\/10\/Kendal-fav-434x450.png\" class=\"attachment-emarat_770x450 size-emarat_770x450 wp-post-image\" alt=\"\" loading=\"lazy\" \/>                                <\/div>\r\n                            <\/div>\r\n                        <\/div>\r\n\r\n                    <\/div>\r\n                <\/div>\r\n                                <div class=\"project-block-two\">\r\n                    <div class=\"inner-box row clearfix\">\r\n\r\n                        <!--Content Column-->\r\n                        <div class=\"content-column col-lg-4 col-md-12 col-sm-12\">\r\n                            <div class=\"inner-column\">\r\n                                <div class=\"slide-number\">05 <span>\/ 05<\/span><\/div>\r\n                                <h2><a href=\"https:\/\/kendal.bj\/en\/projects\/construction-de-villas-du-type-r1-dans-le-cadre-du-sommet-de-la-cen-sad\/\">Construction of R + 1 type villas as part of the CEN SAD summit<\/a><\/h2>\r\n                                <p>Contrat 0025-07, 0032-08 et 0049-08 relatif aux travaux de Construction de villas du type R+1 dans le cadre du sommet de la CEN SAD (BENIN) Sous-traitance de r\u00e9alisation des travaux&hellip;<\/p>\r\n                                <a class=\"see-project\" href=\"https:\/\/kendal.bj\/en\/projects\/construction-de-villas-du-type-r1-dans-le-cadre-du-sommet-de-la-cen-sad\/\">See Project <span class=\"arrow flaticon-right-arrow-4\"><\/span><\/a>\r\n                            <\/div>\r\n                        <\/div>\r\n\r\n                        <!--Image Column-->\r\n                        <div class=\"image-column col-lg-8 col-md-12 col-sm-12\">\r\n                            <div class=\"inner-column\">\r\n                                <div class=\"image\">\r\n                                    <img width=\"434\" height=\"450\" src=\"https:\/\/kendal.bj\/wp-content\/uploads\/2020\/10\/Kendal-fav-434x450.png\" class=\"attachment-emarat_770x450 size-emarat_770x450 wp-post-image\" alt=\"\" loading=\"lazy\" \/>                                <\/div>\r\n                            <\/div>\r\n                        <\/div>\r\n\r\n                    <\/div>\r\n                <\/div>\r\n                                <div class=\"project-block-two\">\r\n                    <div class=\"inner-box row clearfix\">\r\n\r\n                        <!--Content Column-->\r\n                        <div class=\"content-column col-lg-4 col-md-12 col-sm-12\">\r\n                            <div class=\"inner-column\">\r\n                                <div class=\"slide-number\">06 <span>\/ 06<\/span><\/div>\r\n                                <h2><a href=\"https:\/\/kendal.bj\/en\/projects\/projet-de-deplacement-de-reseau-et-canalisation-distribution-deau-et-lutte-dontre-incendie-au-profit-de-la-soneb\/\">Water distribution network and pipeline relocation project and fire fighting for the benefit of SONEB<\/a><\/h2>\r\n                                <p>Projet de d\u00e9placement de r\u00e9seau et canalisation distribution d'eau et lutte contre incendie au profit de la SONEB R\u00e9alisation des travaux dans le respect des Clauses Administratives, Techniques et Particuli\u00e8res.<\/p>\r\n                                <a class=\"see-project\" href=\"https:\/\/kendal.bj\/en\/projects\/projet-de-deplacement-de-reseau-et-canalisation-distribution-deau-et-lutte-dontre-incendie-au-profit-de-la-soneb\/\">See Project <span class=\"arrow flaticon-right-arrow-4\"><\/span><\/a>\r\n                            <\/div>\r\n                        <\/div>\r\n\r\n                        <!--Image Column-->\r\n                        <div class=\"image-column col-lg-8 col-md-12 col-sm-12\">\r\n                            <div class=\"inner-column\">\r\n                                <div class=\"image\">\r\n                                    <img width=\"434\" height=\"450\" src=\"https:\/\/kendal.bj\/wp-content\/uploads\/2020\/10\/Kendal-fav-434x450.png\" class=\"attachment-emarat_770x450 size-emarat_770x450 wp-post-image\" alt=\"\" loading=\"lazy\" \/>                                <\/div>\r\n                            <\/div>\r\n                        <\/div>\r\n\r\n                    <\/div>\r\n                <\/div>\r\n                                <div class=\"project-block-two\">\r\n                    <div class=\"inner-box row clearfix\">\r\n\r\n                        <!--Content Column-->\r\n                        <div class=\"content-column col-lg-4 col-md-12 col-sm-12\">\r\n                            <div class=\"inner-column\">\r\n                                <div class=\"slide-number\">07 <span>\/ 07<\/span><\/div>\r\n                                <h2><a href=\"https:\/\/kendal.bj\/en\/projects\/programme-daquisition-de-biens-dequipement-dans-le-cadre-de-la-scrp-module-de-trois-salles-de-classe-avec-bureau-et-magasin\/\">EQUIPMENT ACQUISITION PROGRAM UNDER THE SCRP \/ MODULE OF THREE CLASSROOMS WITH OFFICE AND STORE<\/a><\/h2>\r\n                                <p>PROGRAMME D'AQUISITION DE BIENS D'EQUIPEMENT DANS LE CADRE DE LA SCRP\/MODULE DE TROIS SALLES DE CLASSE AVEC BUREAU ET MAGASIN. MARCHE N\u00b0 0432\/MEF\/MEMP\/DNCMP\/SP R\u00e9alisation des travaux de: REALISATION DE TROIS&hellip;<\/p>\r\n                                <a class=\"see-project\" href=\"https:\/\/kendal.bj\/en\/projects\/programme-daquisition-de-biens-dequipement-dans-le-cadre-de-la-scrp-module-de-trois-salles-de-classe-avec-bureau-et-magasin\/\">See Project <span class=\"arrow flaticon-right-arrow-4\"><\/span><\/a>\r\n                            <\/div>\r\n                        <\/div>\r\n\r\n                        <!--Image Column-->\r\n                        <div class=\"image-column col-lg-8 col-md-12 col-sm-12\">\r\n                            <div class=\"inner-column\">\r\n                                <div class=\"image\">\r\n                                    <img width=\"434\" height=\"450\" src=\"https:\/\/kendal.bj\/wp-content\/uploads\/2020\/10\/Kendal-fav-434x450.png\" class=\"attachment-emarat_770x450 size-emarat_770x450 wp-post-image\" alt=\"\" loading=\"lazy\" \/>                                <\/div>\r\n                            <\/div>\r\n                        <\/div>\r\n\r\n                    <\/div>\r\n                <\/div>\r\n                                <div class=\"project-block-two\">\r\n                    <div class=\"inner-box row clearfix\">\r\n\r\n                        <!--Content Column-->\r\n                        <div class=\"content-column col-lg-4 col-md-12 col-sm-12\">\r\n                            <div class=\"inner-column\">\r\n                                <div class=\"slide-number\">08 <span>\/ 08<\/span><\/div>\r\n                                <h2><a href=\"https:\/\/kendal.bj\/en\/projects\/travaux-de-construction-et-de-divers-magasins-de-stockage-lot-13-contrat-de-marche-n-325-mef-maep-procad-pada-dncmp-sp-du-26-09-14-projet-dappui-a-la-diversification-agricole-pada\/\">CONSTRUCTION WORK AND VARIOUS STORAGE STORES (lot 13) \/ MARKET CONTRACT N \u00b0 325 \/ MEF \/ MAEP \/ ProCAD \/ PADA \/ DNCMP \/ SP of 09\/26\/14 \/ Agricultural Diversification Support Project (PADA)<\/a><\/h2>\r\n                                <p>TRAVAUX DE CONSTRUCTION ET DE DIVERS MAGASINS DE STOCKAGE (lot 13)\/CONTRAT DE MARCHE N\u00b0 325\/MEF\/MAEP\/ProCAD\/PADA\/DNCMP\/SP du 26\/09\/14\/Projet d'Appui \u00e0 la Diversification Agricole (PADA) CONSTRUCTION D'UN MAGASIN DE STOCKAGE DE 150m2&hellip;<\/p>\r\n                                <a class=\"see-project\" href=\"https:\/\/kendal.bj\/en\/projects\/travaux-de-construction-et-de-divers-magasins-de-stockage-lot-13-contrat-de-marche-n-325-mef-maep-procad-pada-dncmp-sp-du-26-09-14-projet-dappui-a-la-diversification-agricole-pada\/\">See Project <span class=\"arrow flaticon-right-arrow-4\"><\/span><\/a>\r\n                            <\/div>\r\n                        <\/div>\r\n\r\n                        <!--Image Column-->\r\n                        <div class=\"image-column col-lg-8 col-md-12 col-sm-12\">\r\n                            <div class=\"inner-column\">\r\n                                <div class=\"image\">\r\n                                    <img width=\"434\" height=\"450\" src=\"https:\/\/kendal.bj\/wp-content\/uploads\/2020\/10\/Kendal-fav-434x450.png\" class=\"attachment-emarat_770x450 size-emarat_770x450 wp-post-image\" alt=\"\" loading=\"lazy\" \/>                                <\/div>\r\n                            <\/div>\r\n                        <\/div>\r\n\r\n                    <\/div>\r\n                <\/div>\r\n                                <div class=\"project-block-two\">\r\n                    <div class=\"inner-box row clearfix\">\r\n\r\n                        <!--Content Column-->\r\n                        <div class=\"content-column col-lg-4 col-md-12 col-sm-12\">\r\n                            <div class=\"inner-column\">\r\n                                <div class=\"slide-number\">09 <span>\/ 09<\/span><\/div>\r\n                                <h2><a href=\"https:\/\/kendal.bj\/en\/projects\/travaux-damenagement-du-cadre-physique-de-la-centrale-dachat-des-medicaments-essentiels-a-cotonou-parakou-et-natitingou-came\/\">TRAVAUX D\u2019AMENAGEMENT DU CADRE PHYSIQUE DE LA CENTRALE D\u2019ACHAT DES MEDICAMENTS ESSENTIELS A COTONOU, PARAKOU ET NATITINGOU CAME<\/a><\/h2>\r\n                                <p>TRAVAUX D\u2019AMENAGEMENT DU CADRE PHYSIQUE DE LA CENTRALE D\u2019ACHAT DES MEDICAMENTS ESSENTIELS A COTONOU, PARAKOU ET NATITINGOU CAME\/ Contrat de March\u00e9 n\u00b065\/2012\/UGFM-SEIB.sa du 1er octobre 2012,LOT 1 PARAKOU. R\u00e9alisation des&hellip;<\/p>\r\n                                <a class=\"see-project\" href=\"https:\/\/kendal.bj\/en\/projects\/travaux-damenagement-du-cadre-physique-de-la-centrale-dachat-des-medicaments-essentiels-a-cotonou-parakou-et-natitingou-came\/\">See Project <span class=\"arrow flaticon-right-arrow-4\"><\/span><\/a>\r\n                            <\/div>\r\n                        <\/div>\r\n\r\n                        <!--Image Column-->\r\n                        <div class=\"image-column col-lg-8 col-md-12 col-sm-12\">\r\n                            <div class=\"inner-column\">\r\n                                <div class=\"image\">\r\n                                    <img width=\"434\" height=\"450\" src=\"https:\/\/kendal.bj\/wp-content\/uploads\/2020\/10\/Kendal-fav-434x450.png\" class=\"attachment-emarat_770x450 size-emarat_770x450 wp-post-image\" alt=\"\" loading=\"lazy\" \/>                                <\/div>\r\n                            <\/div>\r\n                        <\/div>\r\n\r\n                    <\/div>\r\n                <\/div>\r\n                                <div class=\"project-block-two\">\r\n                    <div class=\"inner-box row clearfix\">\r\n\r\n                        <!--Content Column-->\r\n                        <div class=\"content-column col-lg-4 col-md-12 col-sm-12\">\r\n                            <div class=\"inner-column\">\r\n                                <div class=\"slide-number\">10 <span>\/ 10<\/span><\/div>\r\n                                <h2><a href=\"https:\/\/kendal.bj\/en\/projects\/projet-de-renforcement-des-systemes-dalimentation-en-eau-potable-de-la-ville-de-malanville-societe-nationale-des-eaux-du-benin\/\">PROJET DE RENFORCEMENT DES SYST\u00c8MES D\u2019ALIMENTATION EN EAU POTABLE DE LA VILLE DE MALANVILLE SOCIETE NATIONALE DES EAUX DU BENIN<\/a><\/h2>\r\n                                <p>LE PROJET DE RENFORCEMENT DES SYST\u00c8MES D\u2019ALIMENTATION EN EAU POTABLE DE LA VILLE DE MALANVILLE\u00a0 SOCIETE NATIONALE DES EAUX DU BENIN (SONEB). R\u00e9alisation des travaux Construction d'un b\u00e2timent de 270&hellip;<\/p>\r\n                                <a class=\"see-project\" href=\"https:\/\/kendal.bj\/en\/projects\/projet-de-renforcement-des-systemes-dalimentation-en-eau-potable-de-la-ville-de-malanville-societe-nationale-des-eaux-du-benin\/\">See Project <span class=\"arrow flaticon-right-arrow-4\"><\/span><\/a>\r\n                            <\/div>\r\n                        <\/div>\r\n\r\n                        <!--Image Column-->\r\n                        <div class=\"image-column col-lg-8 col-md-12 col-sm-12\">\r\n                            <div class=\"inner-column\">\r\n                                <div class=\"image\">\r\n                                    <img width=\"434\" height=\"450\" src=\"https:\/\/kendal.bj\/wp-content\/uploads\/2020\/10\/Kendal-fav-434x450.png\" class=\"attachment-emarat_770x450 size-emarat_770x450 wp-post-image\" alt=\"\" loading=\"lazy\" \/>                                <\/div>\r\n                            <\/div>\r\n                        <\/div>\r\n\r\n                    <\/div>\r\n                <\/div>\r\n                            <\/div>\r\n        <\/div>\r\n    <\/div>\r\n<\/section>\r\n<!--End Fullwidth Gallery Section-->\r\n\r\n<\/div><\/div><\/div><\/div><\/section><section class=\"kc-elm kc-css-554934 kc_row\"><div class=\"kc-row-container  kc-container\"><div class=\"kc-wrap-columns\"><div class=\"kc-elm kc-css-6664 kc_col-sm-12 kc_column kc_col-sm-12\"><div class=\"kc-col-container\">\r\n<!--Project Section Two-->\r\n<section class=\"project-section-two\">\r\n    <div class=\"auto-container\">\r\n        <!--Sec Title-->\r\n        <div class=\"sec-title centered\">\r\n            <div class=\"title\">Our achievements<\/div>\r\n            <h2>...<\/h2>\r\n            <div class=\"seperater\"><\/div>\r\n        <\/div>\r\n        <div class=\"row clearfix\">\r\n                        <!--Project Block-->\r\n            <div class=\"project-block col-lg-3 col-md-6 col-sm-12\">\r\n                <div class=\"inner-box\">\r\n                    <div class=\"image\">\r\n                        <img width=\"270\" height=\"380\" src=\"https:\/\/kendal.bj\/wp-content\/uploads\/2020\/11\/Capture-de\u0301cran-2020-11-05-a\u0300-12.31.46-270x380.png\" class=\"attachment-emarat_270x380 size-emarat_270x380 wp-post-image\" alt=\"\" loading=\"lazy\" \/>                        <div class=\"overlay-box\">\r\n                            <div class=\"content\">\r\n                                <h3>DEVELOPMENT PROJECT OF A CORIS BANK INTERNATIONAL AGENCY IN CALAVI ARCONVILLE AND PARAKOU<\/h3>\r\n                                <div class=\"see-project\">See Project <span class=\"fa fa-angle-right\"><\/span><\/div>\r\n                            <\/div>\r\n                        <\/div>\r\n                        <!--Overlay Two-->\r\n                        <div class=\"overlay-two\">\r\n                            <div class=\"overlay-two-inner\">\r\n                                <div class=\"overlay-two-content\">\r\n                                    <h2><a href=\"https:\/\/kendal.bj\/en\/projects\/projet-damenagement-dune-agence-de-coris-bank-international-a-calavi-arconville-et-parakou\/\">DEVELOPMENT PROJECT OF A CORIS BANK INTERNATIONAL AGENCY IN CALAVI ARCONVILLE AND PARAKOU<\/a><\/h2>\r\n                                    <div class=\"text\">Carrying out the work in compliance with the Administrative, Technical and Particular Clauses.<\/div>\r\n                                    <a href=\"https:\/\/kendal.bj\/en\/projects\/projet-damenagement-dune-agence-de-coris-bank-international-a-calavi-arconville-et-parakou\/\" class=\"see-more\">See Project <span class=\"fa fa-angle-right\"><\/span><\/a>\r\n                                <\/div>\r\n                            <\/div>\r\n                        <\/div>\r\n                    <\/div>\r\n                <\/div>\r\n            <\/div>\r\n                        <!--Project Block-->\r\n            <div class=\"project-block col-lg-3 col-md-6 col-sm-12\">\r\n                <div class=\"inner-box\">\r\n                    <div class=\"image\">\r\n                        <img width=\"270\" height=\"380\" src=\"https:\/\/kendal.bj\/wp-content\/uploads\/2020\/10\/Kendal-fav-270x380.png\" class=\"attachment-emarat_270x380 size-emarat_270x380 wp-post-image\" alt=\"\" loading=\"lazy\" \/>                        <div class=\"overlay-box\">\r\n                            <div class=\"content\">\r\n                                <h3>CONSTRUCTION WORKS OF FENCE OF THE DOMAIN FOR SONEB<\/h3>\r\n                                <div class=\"see-project\">See Project <span class=\"fa fa-angle-right\"><\/span><\/div>\r\n                            <\/div>\r\n                        <\/div>\r\n                        <!--Overlay Two-->\r\n                        <div class=\"overlay-two\">\r\n                            <div class=\"overlay-two-inner\">\r\n                                <div class=\"overlay-two-content\">\r\n                                    <h2><a href=\"https:\/\/kendal.bj\/en\/projects\/travaux-de-construction-de-cloture-du-domaine-pour-la-soneb\/\">CONSTRUCTION WORKS OF FENCE OF THE DOMAIN FOR SONEB<\/a><\/h2>\r\n                                    <div class=\"text\">Carrying out the work in compliance with the Administrative, Technical and Particular Clauses.<\/div>\r\n                                    <a href=\"https:\/\/kendal.bj\/en\/projects\/travaux-de-construction-de-cloture-du-domaine-pour-la-soneb\/\" class=\"see-more\">See Project <span class=\"fa fa-angle-right\"><\/span><\/a>\r\n                                <\/div>\r\n                            <\/div>\r\n                        <\/div>\r\n                    <\/div>\r\n                <\/div>\r\n            <\/div>\r\n                        <!--Project Block-->\r\n            <div class=\"project-block col-lg-3 col-md-6 col-sm-12\">\r\n                <div class=\"inner-box\">\r\n                    <div class=\"image\">\r\n                        <img width=\"270\" height=\"380\" src=\"https:\/\/kendal.bj\/wp-content\/uploads\/2020\/10\/Kendal-fav-270x380.png\" class=\"attachment-emarat_270x380 size-emarat_270x380 wp-post-image\" alt=\"\" loading=\"lazy\" \/>                        <div class=\"overlay-box\">\r\n                            <div class=\"content\">\r\n                                <h3>CONSTRUCTION WORK OF FENCE OF THE DOMAINE DE LA CNSS in ZOPAH on the EAST side<\/h3>\r\n                                <div class=\"see-project\">See Project <span class=\"fa fa-angle-right\"><\/span><\/div>\r\n                            <\/div>\r\n                        <\/div>\r\n                        <!--Overlay Two-->\r\n                        <div class=\"overlay-two\">\r\n                            <div class=\"overlay-two-inner\">\r\n                                <div class=\"overlay-two-content\">\r\n                                    <h2><a href=\"https:\/\/kendal.bj\/en\/projects\/travaux-de-construction-de-cloture-du-domaine-de-la-cnss-a-zopah-cote-est\/\">CONSTRUCTION WORK OF FENCE OF THE DOMAINE DE LA CNSS in ZOPAH on the EAST side<\/a><\/h2>\r\n                                    <div class=\"text\">CONSTRUCTION WORK OF CLOSURE OF THE DOMAIN OF THE CNSS at ZOPAH on the EAST side Market N \u00b0 001\/17 \/ CNSS \/ PRMP \/ CPMP \/ S-PRMP of 12\/10\/217 and Amendment N \u00b0 1 Carrying out of the works in compliance with the Administrative Clauses , ...<\/div>\r\n                                    <a href=\"https:\/\/kendal.bj\/en\/projects\/travaux-de-construction-de-cloture-du-domaine-de-la-cnss-a-zopah-cote-est\/\" class=\"see-more\">See Project <span class=\"fa fa-angle-right\"><\/span><\/a>\r\n                                <\/div>\r\n                            <\/div>\r\n                        <\/div>\r\n                    <\/div>\r\n                <\/div>\r\n            <\/div>\r\n                        <!--Project Block-->\r\n            <div class=\"project-block col-lg-3 col-md-6 col-sm-12\">\r\n                <div class=\"inner-box\">\r\n                    <div class=\"image\">\r\n                        <img width=\"270\" height=\"380\" src=\"https:\/\/kendal.bj\/wp-content\/uploads\/2020\/10\/Kendal-fav-270x380.png\" class=\"attachment-emarat_270x380 size-emarat_270x380 wp-post-image\" alt=\"\" loading=\"lazy\" \/>                        <div class=\"overlay-box\">\r\n                            <div class=\"content\">\r\n                                <h3>SITE ACCESS ROAD DEVELOPMENT WORK: CARREFOUR TANKPE-CARREFOUR HOUETO-FACTORY AXIS AND CARREFOUR BAKITA-CARREFOUR HOUETO-FACTORY AXIS<\/h3>\r\n                                <div class=\"see-project\">See Project <span class=\"fa fa-angle-right\"><\/span><\/div>\r\n                            <\/div>\r\n                        <\/div>\r\n                        <!--Overlay Two-->\r\n                        <div class=\"overlay-two\">\r\n                            <div class=\"overlay-two-inner\">\r\n                                <div class=\"overlay-two-content\">\r\n                                    <h2><a href=\"https:\/\/kendal.bj\/en\/projects\/travaux-de-damenagement-des-voies-dacces-au-siteaxe-carrefour-tankpe-carrefour-houeto-usine-et-axe-carrefour-bakita-carrefour-houeto-usine\/\">SITE ACCESS ROAD DEVELOPMENT WORK: CARREFOUR TANKPE-CARREFOUR HOUETO-FACTORY AXIS AND CARREFOUR BAKITA-CARREFOUR HOUETO-FACTORY AXIS<\/a><\/h2>\r\n                                    <div class=\"text\">SITE ACCESS ROAD DEVELOPMENT WORK: CARREFOUR TANKPE-CARREFOUR HOUETO-FACTORY AXIS AND CARREFOUR BAKITA-CARREFOUR HOUETO-FACTORY AXIS FOR THE BENEFIT OF SBEE \/ MARCHE N \u00b0 303 \/ MEF \/ DNCMP \/ SBEE \/ PRMP \/ SP of 17 October 2016 Carrying out work in ...<\/div>\r\n                                    <a href=\"https:\/\/kendal.bj\/en\/projects\/travaux-de-damenagement-des-voies-dacces-au-siteaxe-carrefour-tankpe-carrefour-houeto-usine-et-axe-carrefour-bakita-carrefour-houeto-usine\/\" class=\"see-more\">See Project <span class=\"fa fa-angle-right\"><\/span><\/a>\r\n                                <\/div>\r\n                            <\/div>\r\n                        <\/div>\r\n                    <\/div>\r\n                <\/div>\r\n            <\/div>\r\n                        <!--Project Block-->\r\n            <div class=\"project-block col-lg-3 col-md-6 col-sm-12\">\r\n                <div class=\"inner-box\">\r\n                    <div class=\"image\">\r\n                        <img width=\"270\" height=\"380\" src=\"https:\/\/kendal.bj\/wp-content\/uploads\/2020\/10\/Kendal-fav-270x380.png\" class=\"attachment-emarat_270x380 size-emarat_270x380 wp-post-image\" alt=\"\" loading=\"lazy\" \/>                        <div class=\"overlay-box\">\r\n                            <div class=\"content\">\r\n                                <h3>Construction of R + 1 type villas as part of the CEN SAD summit<\/h3>\r\n                                <div class=\"see-project\">See Project <span class=\"fa fa-angle-right\"><\/span><\/div>\r\n                            <\/div>\r\n                        <\/div>\r\n                        <!--Overlay Two-->\r\n                        <div class=\"overlay-two\">\r\n                            <div class=\"overlay-two-inner\">\r\n                                <div class=\"overlay-two-content\">\r\n                                    <h2><a href=\"https:\/\/kendal.bj\/en\/projects\/construction-de-villas-du-type-r1-dans-le-cadre-du-sommet-de-la-cen-sad\/\">Construction of R + 1 type villas as part of the CEN SAD summit<\/a><\/h2>\r\n                                    <div class=\"text\">Contract 0025-07, 0032-08 and 0049-08 relating to the construction works of villas of the R + 1 type within the framework of the CEN SAD summit (BENIN) Subcontracting of execution of the works ...<\/div>\r\n                                    <a href=\"https:\/\/kendal.bj\/en\/projects\/construction-de-villas-du-type-r1-dans-le-cadre-du-sommet-de-la-cen-sad\/\" class=\"see-more\">See Project <span class=\"fa fa-angle-right\"><\/span><\/a>\r\n                                <\/div>\r\n                            <\/div>\r\n                        <\/div>\r\n                    <\/div>\r\n                <\/div>\r\n            <\/div>\r\n                        <!--Project Block-->\r\n            <div class=\"project-block col-lg-3 col-md-6 col-sm-12\">\r\n                <div class=\"inner-box\">\r\n                    <div class=\"image\">\r\n                        <img width=\"270\" height=\"380\" src=\"https:\/\/kendal.bj\/wp-content\/uploads\/2020\/10\/Kendal-fav-270x380.png\" class=\"attachment-emarat_270x380 size-emarat_270x380 wp-post-image\" alt=\"\" loading=\"lazy\" \/>                        <div class=\"overlay-box\">\r\n                            <div class=\"content\">\r\n                                <h3>Water distribution network and pipeline relocation project and fire fighting for the benefit of SONEB<\/h3>\r\n                                <div class=\"see-project\">See Project <span class=\"fa fa-angle-right\"><\/span><\/div>\r\n                            <\/div>\r\n                        <\/div>\r\n                        <!--Overlay Two-->\r\n                        <div class=\"overlay-two\">\r\n                            <div class=\"overlay-two-inner\">\r\n                                <div class=\"overlay-two-content\">\r\n                                    <h2><a href=\"https:\/\/kendal.bj\/en\/projects\/projet-de-deplacement-de-reseau-et-canalisation-distribution-deau-et-lutte-dontre-incendie-au-profit-de-la-soneb\/\">Water distribution network and pipeline relocation project and fire fighting for the benefit of SONEB<\/a><\/h2>\r\n                                    <div class=\"text\">Project to relocate the water distribution and firefighting network and pipeline for the benefit of SONEB Carrying out the work in compliance with the Administrative, Technical and Particular Clauses.<\/div>\r\n                                    <a href=\"https:\/\/kendal.bj\/en\/projects\/projet-de-deplacement-de-reseau-et-canalisation-distribution-deau-et-lutte-dontre-incendie-au-profit-de-la-soneb\/\" class=\"see-more\">See Project <span class=\"fa fa-angle-right\"><\/span><\/a>\r\n                                <\/div>\r\n                            <\/div>\r\n                        <\/div>\r\n                    <\/div>\r\n                <\/div>\r\n            <\/div>\r\n                        <!--Project Block-->\r\n            <div class=\"project-block col-lg-3 col-md-6 col-sm-12\">\r\n                <div class=\"inner-box\">\r\n                    <div class=\"image\">\r\n                        <img width=\"270\" height=\"380\" src=\"https:\/\/kendal.bj\/wp-content\/uploads\/2020\/10\/Kendal-fav-270x380.png\" class=\"attachment-emarat_270x380 size-emarat_270x380 wp-post-image\" alt=\"\" loading=\"lazy\" \/>                        <div class=\"overlay-box\">\r\n                            <div class=\"content\">\r\n                                <h3>EQUIPMENT ACQUISITION PROGRAM UNDER THE SCRP \/ MODULE OF THREE CLASSROOMS WITH OFFICE AND STORE<\/h3>\r\n                                <div class=\"see-project\">See Project <span class=\"fa fa-angle-right\"><\/span><\/div>\r\n                            <\/div>\r\n                        <\/div>\r\n                        <!--Overlay Two-->\r\n                        <div class=\"overlay-two\">\r\n                            <div class=\"overlay-two-inner\">\r\n                                <div class=\"overlay-two-content\">\r\n                                    <h2><a href=\"https:\/\/kendal.bj\/en\/projects\/programme-daquisition-de-biens-dequipement-dans-le-cadre-de-la-scrp-module-de-trois-salles-de-classe-avec-bureau-et-magasin\/\">EQUIPMENT ACQUISITION PROGRAM UNDER THE SCRP \/ MODULE OF THREE CLASSROOMS WITH OFFICE AND STORE<\/a><\/h2>\r\n                                    <div class=\"text\">EQUIPMENT ACQUISITION PROGRAM UNDER THE SCRP \/ MODULE OF THREE CLASSROOMS WITH OFFICE AND STORE. CONTRACT N \u00b0 0432 \/ MEF \/ MEMP \/ DNCMP \/ SP Execution of works of: REALIZATION OF THREE ...<\/div>\r\n                                    <a href=\"https:\/\/kendal.bj\/en\/projects\/programme-daquisition-de-biens-dequipement-dans-le-cadre-de-la-scrp-module-de-trois-salles-de-classe-avec-bureau-et-magasin\/\" class=\"see-more\">See Project <span class=\"fa fa-angle-right\"><\/span><\/a>\r\n                                <\/div>\r\n                            <\/div>\r\n                        <\/div>\r\n                    <\/div>\r\n                <\/div>\r\n            <\/div>\r\n                        <!--Project Block-->\r\n            <div class=\"project-block col-lg-3 col-md-6 col-sm-12\">\r\n                <div class=\"inner-box\">\r\n                    <div class=\"image\">\r\n                        <img width=\"270\" height=\"380\" src=\"https:\/\/kendal.bj\/wp-content\/uploads\/2020\/10\/Kendal-fav-270x380.png\" class=\"attachment-emarat_270x380 size-emarat_270x380 wp-post-image\" alt=\"\" loading=\"lazy\" \/>                        <div class=\"overlay-box\">\r\n                            <div class=\"content\">\r\n                                <h3>CONSTRUCTION WORK AND VARIOUS STORAGE STORES (lot 13) \/ MARKET CONTRACT N \u00b0 325 \/ MEF \/ MAEP \/ ProCAD \/ PADA \/ DNCMP \/ SP of 09\/26\/14 \/ Agricultural Diversification Support Project (PADA)<\/h3>\r\n                                <div class=\"see-project\">See Project <span class=\"fa fa-angle-right\"><\/span><\/div>\r\n                            <\/div>\r\n                        <\/div>\r\n                        <!--Overlay Two-->\r\n                        <div class=\"overlay-two\">\r\n                            <div class=\"overlay-two-inner\">\r\n                                <div class=\"overlay-two-content\">\r\n                                    <h2><a href=\"https:\/\/kendal.bj\/en\/projects\/travaux-de-construction-et-de-divers-magasins-de-stockage-lot-13-contrat-de-marche-n-325-mef-maep-procad-pada-dncmp-sp-du-26-09-14-projet-dappui-a-la-diversification-agricole-pada\/\">CONSTRUCTION WORK AND VARIOUS STORAGE STORES (lot 13) \/ MARKET CONTRACT N \u00b0 325 \/ MEF \/ MAEP \/ ProCAD \/ PADA \/ DNCMP \/ SP of 09\/26\/14 \/ Agricultural Diversification Support Project (PADA)<\/a><\/h2>\r\n                                    <div class=\"text\">CONSTRUCTION WORKS AND VARIOUS STORAGE STORES (lot 13) \/ MARKET CONTRACT N \u00b0 325 \/ MEF \/ MAEP \/ ProCAD \/ PADA \/ DNCMP \/ SP of 09\/26\/14 \/ Agricultural Diversification Support Project (PADA) CONSTRUCTION OF A 150m2 STORAGE STORE ...<\/div>\r\n                                    <a href=\"https:\/\/kendal.bj\/en\/projects\/travaux-de-construction-et-de-divers-magasins-de-stockage-lot-13-contrat-de-marche-n-325-mef-maep-procad-pada-dncmp-sp-du-26-09-14-projet-dappui-a-la-diversification-agricole-pada\/\" class=\"see-more\">See Project <span class=\"fa fa-angle-right\"><\/span><\/a>\r\n                                <\/div>\r\n                            <\/div>\r\n                        <\/div>\r\n                    <\/div>\r\n                <\/div>\r\n            <\/div>\r\n                    <\/div>\r\n\r\n        \r\n    <\/div>\r\n<\/section>\r\n<!--End Project Section Two-->\r\n\r\n<\/div><\/div><\/div><\/div><\/section><section class=\"kc-elm kc-css-171014 kc_row\"><div class=\"kc-row-container\"><div class=\"kc-wrap-columns\"><div class=\"kc-elm kc-css-981850 kc_col-sm-12 kc_column kc_col-sm-12\"><div class=\"kc-col-container\">\r\n<!--Subscribe Section-->\r\n<section class=\"subscribe-section\">\r\n    <div class=\"auto-container\">\r\n        <div class=\"row clearfix\">\r\n            <!--Form Column-->\r\n            <div class=\"title-column col-lg-6 col-md-12 col-sm-12\">\r\n                <h2>Need more information?<\/h2>\r\n                <div class=\"text\">Please email us and our support staff will contact you back<\/div>\r\n                <div class=\"icon-box\">\r\n                    <span class=\"icon flaticon-envelope-1\"><\/span>\r\n                <\/div>\r\n            <\/div>\r\n            <!--Form Column-->\r\n            <div class=\"form-column col-lg-6 col-md-12 col-sm-12\">\r\n                <div class=\"inner-column\">\r\n                    <div class=\"subscribe-form\">\r\n                        <form method=\"post\" action=\"http:\/\/feedburner.google.com\/fb\/a\/mailverify\" accept-charset=\"utf-8\" data-trp-original-action=\"http:\/\/feedburner.google.com\/fb\/a\/mailverify\">\r\n                            <div class=\"form-group\">\r\n                                <input type=\"hidden\" id=\"uri2\" name=\"uri\" value=\"themeforest\">\r\n                                <input type=\"email\" name=\"email\" value=\"\" placeholder=\"Enter your email\" required>\r\n                                <button type=\"submit\" class=\"theme-btn\">Subscribe<\/button>\r\n                            <\/div>\r\n                        <input type=\"hidden\" name=\"trp-form-language\" value=\"en\"\/><\/form>\r\n                    <\/div>\r\n                <\/div>\r\n            <\/div>\r\n        <\/div>\r\n    <\/div>\r\n<\/section>\r\n<!--End Subscribe Section-->\r\n\r\n<\/div><\/div><\/div><\/div><\/section><section class=\"kc-elm kc-css-867001 kc_row\"><div class=\"kc-row-container  kc-container\"><div class=\"kc-wrap-columns\"><div class=\"kc-elm kc-css-950661 kc_col-sm-12 kc_column kc_col-sm-12\"><div class=\"kc-col-container\">\n<div class=\"kc-elm kc-css-116632 kc-title-wrap\">\n\n\t<h2 class=\"kc_title\">CHANTIER EN COURS<\/h2>\n<\/div>\n<div class=\"kc-elm kc-css-767579\" style=\"height: 40px; clear: both; width:100%;\"><\/div><\/div><\/div><\/div><\/div><\/section><section class=\"kc-elm kc-css-763414 kc_row\"><div class=\"kc-row-container  kc-container\"><div class=\"kc-wrap-columns\"><div class=\"kc-elm kc-css-416427 kc_col-sm-6 kc_column kc_col-sm-6\"><div class=\"kc-col-container\"><div class=\"kc-image-gallery kc-elm kc-css-456261\">\n<div class=\"kc_image_gallery kc-carousel-image kc-grid\" data-image_masonry=\"yes\">\n<div class=\"item-grid grid-4\"><a class=\"kc-image-link kc-pretty-photo\" data-lightbox=\"kc-lightbox\" rel=\"kc-pretty-photo[35124915]\" href=\"https:\/\/kendal.bj\/wp-content\/uploads\/2020\/12\/img-kendal-galrerie-3.jpeg\"><img src=\"https:\/\/kendal.bj\/wp-content\/uploads\/2020\/12\/img-kendal-galrerie-3.jpeg\" alt=\"\"\/><\/a><\/div><div class=\"item-grid grid-4\"><a class=\"kc-image-link kc-pretty-photo\" data-lightbox=\"kc-lightbox\" rel=\"kc-pretty-photo[35124915]\" href=\"https:\/\/kendal.bj\/wp-content\/uploads\/2020\/12\/img-kendal-galrerie-2.jpeg\"><img src=\"https:\/\/kendal.bj\/wp-content\/uploads\/2020\/12\/img-kendal-galrerie-2.jpeg\" alt=\"\"\/><\/a><\/div><div class=\"item-grid grid-4\"><a class=\"kc-image-link kc-pretty-photo\" data-lightbox=\"kc-lightbox\" rel=\"kc-pretty-photo[35124915]\" href=\"https:\/\/kendal.bj\/wp-content\/uploads\/2020\/12\/img-kendal-galrerie-1.jpeg\"><img src=\"https:\/\/kendal.bj\/wp-content\/uploads\/2020\/12\/img-kendal-galrerie-1.jpeg\" alt=\"\"\/><\/a><\/div><div class=\"item-grid grid-4\"><a class=\"kc-image-link kc-pretty-photo\" data-lightbox=\"kc-lightbox\" rel=\"kc-pretty-photo[35124915]\" href=\"https:\/\/kendal.bj\/wp-content\/uploads\/2020\/12\/img-kendal-galrerie-0.jpeg\"><img src=\"https:\/\/kendal.bj\/wp-content\/uploads\/2020\/12\/img-kendal-galrerie-0.jpeg\" alt=\"\"\/><\/a><\/div><\/div>\n<\/div><\/div><\/div><div class=\"kc-elm kc-css-412658 kc_col-sm-6 kc_column kc_col-sm-6\"><div class=\"kc-col-container\"><div class=\"kc-image-gallery kc-elm kc-css-801950\">\n<div class=\"kc_image_gallery kc-carousel-image kc-grid\" data-image_masonry=\"yes\">\n<div class=\"item-grid grid-4\"><a class=\"kc-image-link kc-pretty-photo\" data-lightbox=\"kc-lightbox\" rel=\"kc-pretty-photo[1095262]\" href=\"https:\/\/kendal.bj\/wp-content\/uploads\/2020\/12\/img-kendal-galrerie-17.jpeg\"><img src=\"https:\/\/kendal.bj\/wp-content\/uploads\/2020\/12\/img-kendal-galrerie-17.jpeg\" alt=\"\"\/><\/a><\/div><div class=\"item-grid grid-4\"><a class=\"kc-image-link kc-pretty-photo\" data-lightbox=\"kc-lightbox\" rel=\"kc-pretty-photo[1095262]\" href=\"https:\/\/kendal.bj\/wp-content\/uploads\/2020\/12\/img-kendal-galrerie-14.jpeg\"><img src=\"https:\/\/kendal.bj\/wp-content\/uploads\/2020\/12\/img-kendal-galrerie-14.jpeg\" alt=\"\"\/><\/a><\/div><div class=\"item-grid grid-4\"><a class=\"kc-image-link kc-pretty-photo\" data-lightbox=\"kc-lightbox\" rel=\"kc-pretty-photo[1095262]\" href=\"https:\/\/kendal.bj\/wp-content\/uploads\/2020\/12\/img-kendal-galrerie-11.jpeg\"><img src=\"https:\/\/kendal.bj\/wp-content\/uploads\/2020\/12\/img-kendal-galrerie-11.jpeg\" alt=\"\"\/><\/a><\/div><div class=\"item-grid grid-4\"><a class=\"kc-image-link kc-pretty-photo\" data-lightbox=\"kc-lightbox\" rel=\"kc-pretty-photo[1095262]\" href=\"https:\/\/kendal.bj\/wp-content\/uploads\/2020\/12\/img-kendal-galrerie-5.jpeg\"><img src=\"https:\/\/kendal.bj\/wp-content\/uploads\/2020\/12\/img-kendal-galrerie-5.jpeg\" alt=\"\"\/><\/a><\/div><div class=\"item-grid grid-4\"><a class=\"kc-image-link kc-pretty-photo\" data-lightbox=\"kc-lightbox\" rel=\"kc-pretty-photo[1095262]\" href=\"https:\/\/kendal.bj\/wp-content\/uploads\/2020\/12\/img-kendal-galrerie-7.jpeg\"><img src=\"https:\/\/kendal.bj\/wp-content\/uploads\/2020\/12\/img-kendal-galrerie-7.jpeg\" alt=\"\"\/><\/a><\/div><div class=\"item-grid grid-4\"><a class=\"kc-image-link kc-pretty-photo\" data-lightbox=\"kc-lightbox\" rel=\"kc-pretty-photo[1095262]\" href=\"https:\/\/kendal.bj\/wp-content\/uploads\/2020\/12\/img-kendal-galrerie-8.jpeg\"><img src=\"https:\/\/kendal.bj\/wp-content\/uploads\/2020\/12\/img-kendal-galrerie-8.jpeg\" alt=\"\"\/><\/a><\/div><\/div>\n<\/div><\/div><\/div><\/div><\/div><\/section><section class=\"kc-elm kc-css-516543 kc_row\"><div class=\"kc-row-container  kc-container\"><div class=\"kc-wrap-columns\"><div class=\"kc-elm kc-css-453414 kc_col-sm-12 kc_column kc_col-sm-12\"><div class=\"kc-col-container\"><div class=\"kc-elm kc-css-763205\" style=\"height: 101px; clear: both; width:100%;\"><\/div><\/div><\/div><\/div><\/div><\/section><\/p>","protected":false},"excerpt":{"rendered":"","protected":false},"author":1,"featured_media":0,"parent":0,"menu_order":0,"comment_status":"closed","ping_status":"closed","template":"tpl-king_composer.php","meta":[],"_links":{"self":[{"href":"https:\/\/kendal.bj\/en\/wp-json\/wp\/v2\/pages\/333"}],"collection":[{"href":"https:\/\/kendal.bj\/en\/wp-json\/wp\/v2\/pages"}],"about":[{"href":"https:\/\/kendal.bj\/en\/wp-json\/wp\/v2\/types\/page"}],"author":[{"embeddable":true,"href":"https:\/\/kendal.bj\/en\/wp-json\/wp\/v2\/users\/1"}],"replies":[{"embeddable":true,"href":"https:\/\/kendal.bj\/en\/wp-json\/wp\/v2\/comments?post=333"}],"version-history":[{"count":17,"href":"https:\/\/kendal.bj\/en\/wp-json\/wp\/v2\/pages\/333\/revisions"}],"predecessor-version":[{"id":1308,"href":"https:\/\/kendal.bj\/en\/wp-json\/wp\/v2\/pages\/333\/revisions\/1308"}],"wp:attachment":[{"href":"https:\/\/kendal.bj\/en\/wp-json\/wp\/v2\/media?parent=333"}],"curies":[{"name":"wp","href":"https:\/\/api.w.org\/{rel}","templated":true}]}}